{"id":2284,"date":"2021-10-21T10:44:34","date_gmt":"2021-10-21T08:44:34","guid":{"rendered":"http:\/\/evaas.vetagro-sup.fr\/?page_id=2284"},"modified":"2025-08-06T14:14:24","modified_gmt":"2025-08-06T12:14:24","slug":"projets-passes","status":"publish","type":"page","link":"http:\/\/evaas.vetagro-sup.fr\/index.php\/projets-passes\/","title":{"rendered":"Projets pass\u00e9s"},"content":{"rendered":"\t\t<div data-elementor-type=\"wp-page\" data-elementor-id=\"2284\" class=\"elementor elementor-2284\">\n\t\t\t\t\t\t<section class=\"elementor-section elementor-top-section elementor-element elementor-element-ffc722b elementor-section-boxed elementor-section-height-default elementor-section-height-default reptro-section-padding-large\" data-id=\"ffc722b\" data-element_type=\"section\" data-e-type=\"section\">\n\t\t\t\t\t\t<div class=\"elementor-container elementor-column-gap-default\">\n\t\t\t\t\t<div class=\"elementor-column elementor-col-100 elementor-top-column elementor-element elementor-element-2060e2e\" data-id=\"2060e2e\" data-element_type=\"column\" data-e-type=\"column\">\n\t\t\t<div class=\"elementor-widget-wrap elementor-element-populated\">\n\t\t\t\t\t\t<div class=\"elementor-element elementor-element-dc0570e elementor-widget elementor-widget-reptro_section_title\" data-id=\"dc0570e\" data-element_type=\"widget\" data-e-type=\"widget\" data-widget_type=\"reptro_section_title.default\">\n\t\t\t\t<div class=\"elementor-widget-container\">\n\t\t\t\t\t<h2 class=\"reptro-section-title text-default margin-bottom-small section-title-type-border margin-top-small section-title-font-size-default section-title-color-default\"><span>Etude des causes de mortalit\u00e9 du H\u00e9risson d\u2019Europe en centre de soin<\/span><\/h2>\t\t\t\t<\/div>\n\t\t\t\t<\/div>\n\t\t\t\t<div class=\"elementor-element elementor-element-c8b9d26 elementor-widget elementor-widget-text-editor\" data-id=\"c8b9d26\" data-element_type=\"widget\" data-e-type=\"widget\" data-widget_type=\"text-editor.default\">\n\t\t\t\t<div class=\"elementor-widget-container\">\n\t\t\t\t\t\t\t\t\t<p>Ce projet se d\u00e9roule de Janvier 2021 \u00e0 Juin 2022, en partenariat avec l\u2019association <a href=\"https:\/\/www.associationchene.com\/\" target=\"_blank\" rel=\"noopener\">CHENE.<\/a><\/p><p>Il a pour but l&rsquo;\u00e9tude de l&rsquo;augmentation des admissions et de la mortalit\u00e9 des H\u00e9rissons d\u2019Europe (<em>Erinaceus europaeus<\/em>) accueillis au centre de soin de l\u2019association CHENE ainsi que l\u2019identification des causes de mortalit\u00e9.<\/p><p>Au travers un panel d\u2019analyses, ce projet met \u00e0 profit plusieurs champs de comp\u00e9tences du p\u00f4le\u00a0: anatomo-pathologie, toxicologie, biologie m\u00e9dicale et \u00e9pid\u00e9miologie. De plus, il fait appel aux capacit\u00e9s d\u2019animation, de rapportage et de valorisation du p\u00f4le.<\/p><p>L&rsquo;article scientifique sur ces travaux :\u00a0<a href=\"https:\/\/meridian.allenpress.com\/jwd\/article-abstract\/doi\/10.7589\/JWD-D-24-00092\/504037\/Causes-of-Death-and-Screening-for-Toxicants-and?redirectedFrom=fulltext\">https:\/\/meridian.allenpress.com\/jwd\/article-abstract\/doi\/10.7589\/JWD-D-24-00092\/504037\/Causes-of-Death-and-Screening-for-Toxicants-and?redirectedFrom=fulltext<\/a><\/p>\t\t\t\t\t\t\t\t<\/div>\n\t\t\t\t<\/div>\n\t\t\t\t\t<\/div>\n\t\t<\/div>\n\t\t\t\t\t<\/div>\n\t\t<\/section>\n\t\t\t\t<section class=\"elementor-section elementor-top-section elementor-element elementor-element-ce8b45a elementor-section-boxed elementor-section-height-default elementor-section-height-default reptro-section-padding-large\" data-id=\"ce8b45a\" data-element_type=\"section\" data-e-type=\"section\">\n\t\t\t\t\t\t<div class=\"elementor-container elementor-column-gap-default\">\n\t\t\t\t\t<div class=\"elementor-column elementor-col-100 elementor-top-column elementor-element elementor-element-71d1fbc\" data-id=\"71d1fbc\" data-element_type=\"column\" data-e-type=\"column\">\n\t\t\t<div class=\"elementor-widget-wrap elementor-element-populated\">\n\t\t\t\t\t\t<div class=\"elementor-element elementor-element-7a79c98 elementor-widget elementor-widget-reptro_section_title\" data-id=\"7a79c98\" data-element_type=\"widget\" data-e-type=\"widget\" data-widget_type=\"reptro_section_title.default\">\n\t\t\t\t<div class=\"elementor-widget-container\">\n\t\t\t\t\t<h2 class=\"reptro-section-title text-default margin-bottom-small section-title-type-border margin-top-small section-title-font-size-default section-title-color-default\"><span>Analyses histologique de testicules de c\u00e9tac\u00e9s<\/span><\/h2>\t\t\t\t<\/div>\n\t\t\t\t<\/div>\n\t\t\t\t<div class=\"elementor-element elementor-element-aee04f4 elementor-widget elementor-widget-text-editor\" data-id=\"aee04f4\" data-element_type=\"widget\" data-e-type=\"widget\" data-widget_type=\"text-editor.default\">\n\t\t\t\t<div class=\"elementor-widget-container\">\n\t\t\t\t\t\t\t\t\t<p>Ce projet s\u2019est d\u00e9roul\u00e9 de Novembre 2019 \u00e0 Juin 2020, en partenariat avec l\u2019<a href=\"https:\/\/www.observatoire-pelagis.cnrs.fr\/\" target=\"_blank\" rel=\"noopener\">Observatoire PELAGIS<\/a> et l\u2019<a href=\"https:\/\/www.univ-larochelle.fr\/\" target=\"_blank\" rel=\"noopener\">Universit\u00e9 de La Rochelle<\/a>.<\/p><p>Il avait pour but de collaborer \u00e0 l\u2019analyse histologique de testicules de c\u00e9tac\u00e9s dans le cadre de la recherche de biomarqueurs pertinents pour l\u2019\u00e9valuation des effets potentiels de toxiques environnementaux sur les fonctions reproductrices des c\u00e9tac\u00e9s m\u00e2les<\/p><p>Ce projet a ainsi permis de mettre \u00e0 profit les comp\u00e9tences du p\u00f4le en anatomo-pathologie.<\/p>\t\t\t\t\t\t\t\t<\/div>\n\t\t\t\t<\/div>\n\t\t\t\t\t<\/div>\n\t\t<\/div>\n\t\t\t\t\t<\/div>\n\t\t<\/section>\n\t\t\t\t<section class=\"elementor-section elementor-top-section elementor-element elementor-element-c1f91d4 elementor-section-boxed elementor-section-height-default elementor-section-height-default reptro-section-padding-large\" data-id=\"c1f91d4\" data-element_type=\"section\" data-e-type=\"section\">\n\t\t\t\t\t\t<div class=\"elementor-container elementor-column-gap-default\">\n\t\t\t\t\t<div class=\"elementor-column elementor-col-100 elementor-top-column elementor-element elementor-element-dfe7dfa\" data-id=\"dfe7dfa\" data-element_type=\"column\" data-e-type=\"column\">\n\t\t\t<div class=\"elementor-widget-wrap elementor-element-populated\">\n\t\t\t\t\t\t<div class=\"elementor-element elementor-element-e97a67e elementor-widget elementor-widget-reptro_section_title\" data-id=\"e97a67e\" data-element_type=\"widget\" data-e-type=\"widget\" data-widget_type=\"reptro_section_title.default\">\n\t\t\t\t<div class=\"elementor-widget-container\">\n\t\t\t\t\t<h2 class=\"reptro-section-title text-default margin-bottom-small section-title-type-border margin-top-small section-title-font-size-default section-title-color-default\"><span>Appui aux projets de recherche de la FDC 42 et de la FRC AURA<\/span><\/h2>\t\t\t\t<\/div>\n\t\t\t\t<\/div>\n\t\t\t\t<div class=\"elementor-element elementor-element-0dfcd27 elementor-widget elementor-widget-text-editor\" data-id=\"0dfcd27\" data-element_type=\"widget\" data-e-type=\"widget\" data-widget_type=\"text-editor.default\">\n\t\t\t\t<div class=\"elementor-widget-container\">\n\t\t\t\t\t\t\t\t\t<p>Ce partenariat entre le p\u00f4le EVAAS et la f\u00e9d\u00e9ration d\u00e9partementale de la chasse de la Loire et la f\u00e9d\u00e9ration r\u00e9gionale de la chasse de la r\u00e9gion Auvergne Rh\u00f4ne Alpes a \u00e9t\u00e9 initi\u00e9 en 2020 et reconduit jusqu&rsquo;en 2023.<\/p><p>A ce jour, nous avons apport\u00e9 notre appui \u00e0 deux projets de recherche.<\/p><p>Le premier \u00e9tait d\u00e9di\u00e9 \u00e0 la radiographie de pattes de li\u00e8vres pr\u00e9lev\u00e9s \u00e0 la chasse dans le cadre d\u2019une \u00e9tude populationnelle (2021).<\/p><p>Le second \u00e9tait d\u00e9di\u00e9 \u00e0 l\u2019anesth\u00e9sie de sangliers afin de les \u00e9quiper de colliers GPS dans le cadre d\u2019un suivi de leurs d\u00e9placements (2020 \u00e0 2023).<\/p>\t\t\t\t\t\t\t\t<\/div>\n\t\t\t\t<\/div>\n\t\t\t\t\t<\/div>\n\t\t<\/div>\n\t\t\t\t\t<\/div>\n\t\t<\/section>\n\t\t\t\t<section class=\"elementor-section elementor-top-section elementor-element elementor-element-5a4508d elementor-section-boxed elementor-section-height-default elementor-section-height-default reptro-section-padding-large\" data-id=\"5a4508d\" data-element_type=\"section\" data-e-type=\"section\">\n\t\t\t\t\t\t<div class=\"elementor-container elementor-column-gap-default\">\n\t\t\t\t\t<div class=\"elementor-column elementor-col-100 elementor-top-column elementor-element elementor-element-c5c6f5e\" data-id=\"c5c6f5e\" data-element_type=\"column\" data-e-type=\"column\">\n\t\t\t<div class=\"elementor-widget-wrap elementor-element-populated\">\n\t\t\t\t\t\t<div class=\"elementor-element elementor-element-0a936b2 elementor-widget elementor-widget-reptro_section_title\" data-id=\"0a936b2\" data-element_type=\"widget\" data-e-type=\"widget\" data-widget_type=\"reptro_section_title.default\">\n\t\t\t\t<div class=\"elementor-widget-container\">\n\t\t\t\t\t<h2 class=\"reptro-section-title text-default margin-bottom-small section-title-type-border margin-top-small section-title-font-size-default section-title-color-default\"><span>Analyse de risque sanitaire dans le cadre de la translocation de la Perruche des Mascareignes<\/span><\/h2>\t\t\t\t<\/div>\n\t\t\t\t<\/div>\n\t\t\t\t<div class=\"elementor-element elementor-element-8dae1c8 elementor-widget elementor-widget-text-editor\" data-id=\"8dae1c8\" data-element_type=\"widget\" data-e-type=\"widget\" data-widget_type=\"text-editor.default\">\n\t\t\t\t<div class=\"elementor-widget-container\">\n\t\t\t\t\t\t\t\t\t<p>Ce projet s&rsquo;est d\u00e9roul\u00e9 de Septembre \u00e0 Novembre 2021, en partenariat avec la <a href=\"https:\/\/www.seor.fr\/\" target=\"_blank\" rel=\"noopener\">Soci\u00e9t\u00e9 d\u2019Etudes Ornithologiques de la R\u00e9union<\/a>.<\/p><p>Il avait pour but la r\u00e9alisation d\u2019une analyse du risque sanitaire dans le cadre de la translocation de la Perruche des Mascareignes de l\u2019\u00eele Maurice vers l\u2019\u00eele de la R\u00e9union.<\/p><p>Il a fait intervenir nos experts en m\u00e9decine zoologique, parasitologie et \u00e9pid\u00e9miologie.\u00a0<\/p><p>En se basant sur le travail r\u00e9alis\u00e9 en amont par les agents de la SEOR, le p\u00f4le a eu pour mission de formaliser l\u2019analyse de risque, d\u2019organiser et animer la r\u00e9union d\u2019experts et de rapporter les r\u00e9sultats.<\/p><p><span style=\"font-size: 1rem;\">.<\/span><\/p>\t\t\t\t\t\t\t\t<\/div>\n\t\t\t\t<\/div>\n\t\t\t\t\t<\/div>\n\t\t<\/div>\n\t\t\t\t\t<\/div>\n\t\t<\/section>\n\t\t\t\t<\/div>\n\t\t","protected":false},"excerpt":{"rendered":"<p>Etude des causes de mortalit\u00e9 du H\u00e9risson d\u2019Europe en centre de soin Ce projet se d\u00e9roule de Janvier 2021 \u00e0 Juin 2022, en partenariat avec l\u2019association CHENE. Il a pour but l&rsquo;\u00e9tude de l&rsquo;augmentation des admissions et de la mortalit\u00e9 des H\u00e9rissons d\u2019Europe (Erinaceus europaeus) accueillis au centre de soin de l\u2019association CHENE ainsi que&#8230;<\/p>\n","protected":false},"author":1,"featured_media":0,"parent":0,"menu_order":0,"comment_status":"closed","ping_status":"closed","template":"","meta":{"_monsterinsights_skip_tracking":false,"_monsterinsights_sitenote_active":false,"_monsterinsights_sitenote_note":"","_monsterinsights_sitenote_category":0,"_uf_show_specific_survey":0,"_uf_disable_surveys":false,"footnotes":""},"class_list":["post-2284","page","type-page","status-publish","hentry"],"yoast_head":"<!-- This site is optimized with the Yoast SEO plugin v27.5 - https:\/\/yoast.com\/product\/yoast-seo-wordpress\/ -->\n<title>Projets pass\u00e9s - EVAAS<\/title>\n<meta name=\"robots\" content=\"index, follow, max-snippet:-1, max-image-preview:large, max-video-preview:-1\" \/>\n<link rel=\"canonical\" href=\"http:\/\/evaas.vetagro-sup.fr\/index.php\/projets-passes\/\" \/>\n<meta property=\"og:locale\" content=\"fr_FR\" \/>\n<meta property=\"og:type\" content=\"article\" \/>\n<meta property=\"og:title\" content=\"Projets pass\u00e9s - EVAAS\" \/>\n<meta property=\"og:description\" content=\"Etude des causes de mortalit\u00e9 du H\u00e9risson d\u2019Europe en centre de soin Ce projet se d\u00e9roule de Janvier 2021 \u00e0 Juin 2022, en partenariat avec l\u2019association CHENE. Il a pour but l&rsquo;\u00e9tude de l&rsquo;augmentation des admissions et de la mortalit\u00e9 des H\u00e9rissons d\u2019Europe (Erinaceus europaeus) accueillis au centre de soin de l\u2019association CHENE ainsi que&#8230;\" \/>\n<meta property=\"og:url\" content=\"http:\/\/evaas.vetagro-sup.fr\/index.php\/projets-passes\/\" \/>\n<meta property=\"og:site_name\" content=\"EVAAS\" \/>\n<meta property=\"article:modified_time\" content=\"2025-08-06T12:14:24+00:00\" \/>\n<meta name=\"twitter:card\" content=\"summary_large_image\" \/>\n<meta name=\"twitter:label1\" content=\"Dur\u00e9e de lecture estim\u00e9e\" \/>\n\t<meta name=\"twitter:data1\" content=\"2 minutes\" \/>\n<script type=\"application\/ld+json\" class=\"yoast-schema-graph\">{\"@context\":\"https:\\\/\\\/schema.org\",\"@graph\":[{\"@type\":\"WebPage\",\"@id\":\"http:\\\/\\\/evaas.vetagro-sup.fr\\\/index.php\\\/projets-passes\\\/\",\"url\":\"http:\\\/\\\/evaas.vetagro-sup.fr\\\/index.php\\\/projets-passes\\\/\",\"name\":\"Projets pass\u00e9s - EVAAS\",\"isPartOf\":{\"@id\":\"http:\\\/\\\/evaas.vetagro-sup.fr\\\/#website\"},\"datePublished\":\"2021-10-21T08:44:34+00:00\",\"dateModified\":\"2025-08-06T12:14:24+00:00\",\"breadcrumb\":{\"@id\":\"http:\\\/\\\/evaas.vetagro-sup.fr\\\/index.php\\\/projets-passes\\\/#breadcrumb\"},\"inLanguage\":\"fr-FR\",\"potentialAction\":[{\"@type\":\"ReadAction\",\"target\":[\"http:\\\/\\\/evaas.vetagro-sup.fr\\\/index.php\\\/projets-passes\\\/\"]}]},{\"@type\":\"BreadcrumbList\",\"@id\":\"http:\\\/\\\/evaas.vetagro-sup.fr\\\/index.php\\\/projets-passes\\\/#breadcrumb\",\"itemListElement\":[{\"@type\":\"ListItem\",\"position\":1,\"name\":\"Accueil\",\"item\":\"http:\\\/\\\/evaas.vetagro-sup.fr\\\/\"},{\"@type\":\"ListItem\",\"position\":2,\"name\":\"Projets pass\u00e9s\"}]},{\"@type\":\"WebSite\",\"@id\":\"http:\\\/\\\/evaas.vetagro-sup.fr\\\/#website\",\"url\":\"http:\\\/\\\/evaas.vetagro-sup.fr\\\/\",\"name\":\"EVAAS\",\"description\":\"Expertise scientifique collective multidisciplinaire en sant\u00e9 de la faune sauvage\",\"publisher\":{\"@id\":\"http:\\\/\\\/evaas.vetagro-sup.fr\\\/#organization\"},\"potentialAction\":[{\"@type\":\"SearchAction\",\"target\":{\"@type\":\"EntryPoint\",\"urlTemplate\":\"http:\\\/\\\/evaas.vetagro-sup.fr\\\/?s={search_term_string}\"},\"query-input\":{\"@type\":\"PropertyValueSpecification\",\"valueRequired\":true,\"valueName\":\"search_term_string\"}}],\"inLanguage\":\"fr-FR\"},{\"@type\":\"Organization\",\"@id\":\"http:\\\/\\\/evaas.vetagro-sup.fr\\\/#organization\",\"name\":\"P\u00f4le EVAAS\",\"url\":\"http:\\\/\\\/evaas.vetagro-sup.fr\\\/\",\"logo\":{\"@type\":\"ImageObject\",\"inLanguage\":\"fr-FR\",\"@id\":\"http:\\\/\\\/evaas.vetagro-sup.fr\\\/#\\\/schema\\\/logo\\\/image\\\/\",\"url\":\"http:\\\/\\\/evaas.vetagro-sup.fr\\\/wp-content\\\/uploads\\\/2018\\\/10\\\/logo_EVAAS_ecran_sans_fond-e1539174118936.png\",\"contentUrl\":\"http:\\\/\\\/evaas.vetagro-sup.fr\\\/wp-content\\\/uploads\\\/2018\\\/10\\\/logo_EVAAS_ecran_sans_fond-e1539174118936.png\",\"width\":387,\"height\":150,\"caption\":\"P\u00f4le EVAAS\"},\"image\":{\"@id\":\"http:\\\/\\\/evaas.vetagro-sup.fr\\\/#\\\/schema\\\/logo\\\/image\\\/\"}}]}<\/script>\n<!-- \/ Yoast SEO plugin. -->","yoast_head_json":{"title":"Projets pass\u00e9s - EVAAS","robots":{"index":"index","follow":"follow","max-snippet":"max-snippet:-1","max-image-preview":"max-image-preview:large","max-video-preview":"max-video-preview:-1"},"canonical":"http:\/\/evaas.vetagro-sup.fr\/index.php\/projets-passes\/","og_locale":"fr_FR","og_type":"article","og_title":"Projets pass\u00e9s - EVAAS","og_description":"Etude des causes de mortalit\u00e9 du H\u00e9risson d\u2019Europe en centre de soin Ce projet se d\u00e9roule de Janvier 2021 \u00e0 Juin 2022, en partenariat avec l\u2019association CHENE. Il a pour but l&rsquo;\u00e9tude de l&rsquo;augmentation des admissions et de la mortalit\u00e9 des H\u00e9rissons d\u2019Europe (Erinaceus europaeus) accueillis au centre de soin de l\u2019association CHENE ainsi que&#8230;","og_url":"http:\/\/evaas.vetagro-sup.fr\/index.php\/projets-passes\/","og_site_name":"EVAAS","article_modified_time":"2025-08-06T12:14:24+00:00","twitter_card":"summary_large_image","twitter_misc":{"Dur\u00e9e de lecture estim\u00e9e":"2 minutes"},"schema":{"@context":"https:\/\/schema.org","@graph":[{"@type":"WebPage","@id":"http:\/\/evaas.vetagro-sup.fr\/index.php\/projets-passes\/","url":"http:\/\/evaas.vetagro-sup.fr\/index.php\/projets-passes\/","name":"Projets pass\u00e9s - EVAAS","isPartOf":{"@id":"http:\/\/evaas.vetagro-sup.fr\/#website"},"datePublished":"2021-10-21T08:44:34+00:00","dateModified":"2025-08-06T12:14:24+00:00","breadcrumb":{"@id":"http:\/\/evaas.vetagro-sup.fr\/index.php\/projets-passes\/#breadcrumb"},"inLanguage":"fr-FR","potentialAction":[{"@type":"ReadAction","target":["http:\/\/evaas.vetagro-sup.fr\/index.php\/projets-passes\/"]}]},{"@type":"BreadcrumbList","@id":"http:\/\/evaas.vetagro-sup.fr\/index.php\/projets-passes\/#breadcrumb","itemListElement":[{"@type":"ListItem","position":1,"name":"Accueil","item":"http:\/\/evaas.vetagro-sup.fr\/"},{"@type":"ListItem","position":2,"name":"Projets pass\u00e9s"}]},{"@type":"WebSite","@id":"http:\/\/evaas.vetagro-sup.fr\/#website","url":"http:\/\/evaas.vetagro-sup.fr\/","name":"EVAAS","description":"Expertise scientifique collective multidisciplinaire en sant\u00e9 de la faune sauvage","publisher":{"@id":"http:\/\/evaas.vetagro-sup.fr\/#organization"},"potentialAction":[{"@type":"SearchAction","target":{"@type":"EntryPoint","urlTemplate":"http:\/\/evaas.vetagro-sup.fr\/?s={search_term_string}"},"query-input":{"@type":"PropertyValueSpecification","valueRequired":true,"valueName":"search_term_string"}}],"inLanguage":"fr-FR"},{"@type":"Organization","@id":"http:\/\/evaas.vetagro-sup.fr\/#organization","name":"P\u00f4le EVAAS","url":"http:\/\/evaas.vetagro-sup.fr\/","logo":{"@type":"ImageObject","inLanguage":"fr-FR","@id":"http:\/\/evaas.vetagro-sup.fr\/#\/schema\/logo\/image\/","url":"http:\/\/evaas.vetagro-sup.fr\/wp-content\/uploads\/2018\/10\/logo_EVAAS_ecran_sans_fond-e1539174118936.png","contentUrl":"http:\/\/evaas.vetagro-sup.fr\/wp-content\/uploads\/2018\/10\/logo_EVAAS_ecran_sans_fond-e1539174118936.png","width":387,"height":150,"caption":"P\u00f4le EVAAS"},"image":{"@id":"http:\/\/evaas.vetagro-sup.fr\/#\/schema\/logo\/image\/"}}]}},"_links":{"self":[{"href":"http:\/\/evaas.vetagro-sup.fr\/index.php\/wp-json\/wp\/v2\/pages\/2284","targetHints":{"allow":["GET"]}}],"collection":[{"href":"http:\/\/evaas.vetagro-sup.fr\/index.php\/wp-json\/wp\/v2\/pages"}],"about":[{"href":"http:\/\/evaas.vetagro-sup.fr\/index.php\/wp-json\/wp\/v2\/types\/page"}],"author":[{"embeddable":true,"href":"http:\/\/evaas.vetagro-sup.fr\/index.php\/wp-json\/wp\/v2\/users\/1"}],"replies":[{"embeddable":true,"href":"http:\/\/evaas.vetagro-sup.fr\/index.php\/wp-json\/wp\/v2\/comments?post=2284"}],"version-history":[{"count":16,"href":"http:\/\/evaas.vetagro-sup.fr\/index.php\/wp-json\/wp\/v2\/pages\/2284\/revisions"}],"predecessor-version":[{"id":3204,"href":"http:\/\/evaas.vetagro-sup.fr\/index.php\/wp-json\/wp\/v2\/pages\/2284\/revisions\/3204"}],"wp:attachment":[{"href":"http:\/\/evaas.vetagro-sup.fr\/index.php\/wp-json\/wp\/v2\/media?parent=2284"}],"curies":[{"name":"wp","href":"https:\/\/api.w.org\/{rel}","templated":true}]}}